{"id":2,"date":"2023-01-14T17:11:15","date_gmt":"2023-01-14T17:11:15","guid":{"rendered":"https:\/\/www.taekwondo-sulzemoos.de\/website\/?page_id=2"},"modified":"2026-04-15T09:23:59","modified_gmt":"2026-04-15T09:23:59","slug":"sample-page","status":"publish","type":"page","link":"https:\/\/www.taekwondo-sulzemoos.de\/website\/","title":{"rendered":"Trainingszeiten"},"content":{"rendered":"<div class=\" row\">\n<p><!-- Farbe Sulzemoos #ff9900 --> <!-- ---ICON 1 - SULZEMOOS ------- --><\/p>\n<h1 style=\"text-align: center;\"><strong><span style=\"color: #000000;\"><span style=\"font-size: 18pt;\"><span style=\"font-family: comic sans ms, sans-serif; color: #;\">Willkommen bei <span style=\"color: #ff9900;\">Taekwondo-Sulzemoos<\/span> <\/span><\/span><span style=\"font-size: 18pt;\"><span style=\"font-family: comic sans ms, sans-serif;\">der Kampfsport-Abteilung <\/span><\/span><span style=\"font-size: 18pt;\"><span style=\"font-family: comic sans ms, sans-serif;\">des SV-Sulzemoos 1947 e.V.<\/span><\/span><\/span><\/strong><\/h1>\n<div><\/div>\n<div><\/div>\n<div class=\"card aligncenter\"><img loading=\"lazy\" decoding=\"async\" class=\"aligncenter wp-image-51\" src=\"https:\/\/www.taekwondo-sulzemoos.de\/website\/wp-content\/uploads\/2023\/01\/neues_log_tkd-1.jpg\" alt=\"\" width=\"215\" height=\"126\" \/><\/div>\n<p><!-- ---END of ICONs------- --><\/p>\n<\/div>\n<p><!-- ------------------------------------------------------ --><\/p>\n<p><!-- ---TRAININGS GRUPPEN - Einleitung -------------------- --><\/p>\n<p><!-- ------------------------------------------------------ --><\/p>\n<div>\n<div><\/div>\n<div><\/div>\n<div>Hast du Fragen bzgl. Training, Probetraining, Mitgliedschaft oder Terminen, oder du willst <strong>direkt mitmachen<\/strong>? Schreibe eine Mail an\u00a0 <span style=\"color: #ffa700;\">VORSTAND (at) TAEKWONDO-SULZEMOOS.DE <\/span><\/div>\n<div>Unser Einzugsgebiet ist der <strong>Raum Sulzemoos \/ Odelzhausen<\/strong> !<\/div>\n<\/div>\n<p><!-- ---TRAININGS GRUPPEN - Tabelle ------- --><\/p>\n<div>\n<h3><span style=\"color: #ffa700; font-size: 14pt;\"><strong>Trainingsangebot<\/strong><\/span><\/h3>\n<div>Wir bieten Trainings f\u00fcr Kinder ab 7 Jahren an, sowie auch Training f\u00fcr Jugend und Erwachsene. Wir f\u00fchren dich zum schwarzen Gurt und geben dir bei entsprechendem Interesse und Reife, die Chance, dich bei uns als Trainer einzubringen.<\/div>\n<pre><\/pre>\n<div><\/div>\n<div>An gesetzl. Feiertagen und in den Ferien findet in der Regel kein Training statt.<\/div>\n<div>F\u00fcr das Stattfinden, bitte unseren TeamUp\u00a0 <a href=\"https:\/\/teamup.com\/kskere8p22ye6dtn3x\" target=\"_blank\" rel=\"noopener\"><img decoding=\"async\" id=\"webClient_img-6938106229441166001599419725421\" class=\"fr-draggable\" src=\"https:\/\/teamup.com\/assets-20200906114420\/build\/img\/sprite\/logo-color.svg\" alt=\"\" border=\"0\" \/><\/a>&#8211; <em><strong><span style=\"font-size: 18pt; color: #ff9900;\"><a style=\"color: #ff9900;\" href=\"https:\/\/teamup.com\/ksdf74e5c86520dcb8\">Ganzjahreskalender<\/a><\/span><\/strong><\/em> beachten.<\/div>\n<\/div>\n<div><\/div>\n<div><span style=\"color: #ff9900; font-size: 14pt;\"><strong>Hinweis: <\/strong><\/span><span style=\"color: #339966;\">(*) Die beiden Tigers-gruppen sind zur Zeit voll. Aufgrund von Vorr\u00fccken in die Firebirdsgruppe, werden nach deen Sommerferien wieder ein paar Pl\u00e4tze frei. Bitte rechtzeitig einen Probetrainingsplatz beantragen.<\/span><\/div>\n<div><\/div>\n<div><strong>Das sind die aktuellen Trainingsgruppen:<\/strong><\/div>\n<div><\/div>\n<table style=\"width: 118.793%; border-collapse: separate; border-style: solid; border-color: #000000;\">\n<tbody>\n<tr>\n<td style=\"width: 25.9022%; border-style: solid; border-color: #000000; background-color: #ffff00;\">\n<h4><span style=\"color: #ff0000;\">Gruppenname<\/span><\/h4>\n<\/td>\n<td style=\"width: 36.3226%; border-style: solid; border-color: #000000; background-color: #ffff00;\">\n<h4><span style=\"color: #ff0000;\">Spezifikation<\/span><\/h4>\n<\/td>\n<td style=\"width: 16.7983%; border-style: solid; border-color: #000000; background-color: #ffff00;\">\n<h4><span style=\"color: #ff0000;\">Trainingszeit<\/span><\/h4>\n<\/td>\n<td style=\"width: 40.4305%; border-style: solid; border-color: #000000; background-color: #ffff00;\">\n<h4><span style=\"color: #ff0000;\">Trainer<\/span><\/h4>\n<\/td>\n<\/tr>\n<tr style=\"border-style: solid; border-color: #000000;\">\n<td style=\"width: 25.9022%; border-style: solid; border-color: #000000; background-color: #d3d3d3;\">\n<h4><span style=\"color: #333399; font-size: 18pt;\"><em><strong>\u00a0 <span style=\"color: #000000; font-family: book antiqua, palatino, serif;\">Panthers<\/span><\/strong><\/em><span style=\"color: #000000; font-family: book antiqua, palatino, serif;\">\u00a0<\/span><\/span><\/h4>\n<\/td>\n<td style=\"width: 36.3226%; border-style: solid; border-color: #000000; background-color: #d3d3d3;\"><span style=\"color: #000000;\">Sporttaekwondo (Westenkampf-orientiert) und Selbstverteidigung ab 13 J.<\/span><\/td>\n<td style=\"width: 16.7983%; border-style: solid; border-color: #000000; background-color: #d3d3d3;\"><span style=\"color: #000000;\">Fr. 18:00-19:30<\/span><\/td>\n<td style=\"width: 40.4305%; border-style: solid; border-color: #000000; background-color: #d3d3d3;\"><span style=\"color: #808080;\">H.Gahse<\/span><\/td>\n<\/tr>\n<tr style=\"border-style: solid; border-color: #000000; background-color: #f5f0f0;\">\n<td style=\"width: 25.9022%; border-style: solid; border-color: #000000;\">\n<h4><span style=\"color: #333399;\"><em><strong>\u00a0 <span style=\"font-size: 14pt; font-family: book antiqua, palatino, serif;\"><span style=\"color: #000000;\">Panthers<\/span>-Pro<\/span><\/strong><\/em><\/span><\/h4>\n<\/td>\n<td style=\"width: 36.3226%; border-style: solid; border-color: #000000;\"><span style=\"color: #000000;\">Schwarzgurte und Fortgeschrittene ab Blau-Gurt.<\/span><\/p>\n<p><span style=\"color: #000000;\"> Schwerpunkt: Hyongs u.<\/span><span style=\"color: #000000;\"> DAN-Vorbereitung<\/span><\/td>\n<td style=\"width: 16.7983%; border-style: solid; border-color: #000000;\"><span style=\"color: #000000;\">Di. 19:30-20:45<\/span><\/td>\n<td style=\"width: 40.4305%; border-style: solid; border-color: #000000;\"><span style=\"color: #808080;\">R.Schwemmer<\/span><\/td>\n<\/tr>\n<tr>\n<td style=\"width: 25.9022%; border-style: solid; border-color: #000000; background-color: #d3d3d3;\">\n<h4><span style=\"color: #333399;\"><em><strong>\u00a0<span style=\"font-size: 14pt;\">Early<span style=\"color: #339966;\">B<\/span>irds<\/span><\/strong><\/em><\/span><\/h4>\n<\/td>\n<td style=\"width: 36.3226%; border-style: solid; border-color: #000000; background-color: #d3d3d3;\"><span style=\"color: #000000;\">Vormittagstraining &#8211; &#8222;Fit in den Tag&#8220;<\/span><\/td>\n<td style=\"width: 16.7983%; border-style: solid; border-color: #000000; background-color: #d3d3d3;\"><span style=\"color: #000000;\">Di. 9:00-10:00<\/span><\/p>\n<p><span style=\"color: #999999;\">nur noch bis zu den Sommerferien<\/span><\/td>\n<td style=\"width: 40.4305%; border-style: solid; border-color: #000000; background-color: #d3d3d3;\"><span style=\"color: #808080;\">R.Schwemmer<\/span><\/td>\n<\/tr>\n<tr>\n<td style=\"width: 25.9022%; border-style: solid; border-color: #000000; background-color: #f5f0f0;\">\n<h4><span style=\"color: #333399;\"><em><strong>\u00a0<\/strong><\/em><\/span><\/h4>\n<\/td>\n<td style=\"width: 36.3226%; border-style: solid; border-color: #000000; background-color: #f5f0f0;\"><span style=\"color: #000000;\">\u00a0<\/span><\/td>\n<td style=\"width: 16.7983%; border-style: solid; border-color: #000000; background-color: #f5f0f0;\"><span style=\"color: #000000;\">\u00a0<\/span><\/td>\n<td style=\"width: 40.4305%; border-style: solid; border-color: #000000; background-color: #f5f0f0;\"><span style=\"color: #808080;\">\u00a0<\/span><\/td>\n<\/tr>\n<tr style=\"border-style: solid; border-color: #000000;\">\n<td style=\"width: 25.9022%; border-style: solid; border-color: #000000; background-color: #d3d3d3;\">\n<h4><span style=\"font-size: 14pt;\"><em><strong><span style=\"color: #0000ff;\">\u00a0 Blue<\/span><span style=\"color: #339966;\"><span style=\"color: #ff6600;\">T<span style=\"color: #339966;\">i<\/span>g<span style=\"color: #339966;\">e<\/span><span style=\"color: #ff00ff;\">r<\/span><span style=\"color: #339966;\">s<\/span><\/span><\/span><\/strong><\/em><\/span><\/h4>\n<\/td>\n<td style=\"width: 36.3226%; border-style: solid; border-color: #000000; background-color: #d3d3d3;\"><span style=\"color: #000000;\">Taekwondo f. Kids\u00a0 7-9 J.<\/span><\/p>\n<p><span style=\"color: #ff0000;\"><strong>Gruppe ist zur Zeit voll<span style=\"color: #339966;\"> (*)<\/span>.<\/strong> <\/span><\/td>\n<td style=\"width: 16.7983%; border-style: solid; border-color: #000000; background-color: #d3d3d3;\"><span style=\"color: #000000;\">Di. 17:30-19:00<\/span><\/p>\n<p><span style=\"color: #999999;\">Ab September:\u00a0 Di. 18:00-19:00<\/span><\/td>\n<td style=\"width: 40.4305%; border-style: solid; border-color: #000000; background-color: #d3d3d3;\"><span style=\"color: #808080;\">B.Gleich <\/span><\/p>\n<p>&nbsp;<\/p>\n<p><span style=\"color: #808080;\">A.Heitmair<\/span><\/td>\n<\/tr>\n<tr style=\"border-style: solid; border-color: #000000; background-color: #f5f0f0;\">\n<td style=\"width: 25.9022%; border-style: solid; border-color: #000000;\">\n<h4><span style=\"font-size: 14pt;\"><em><strong><span style=\"color: #ff0000;\">\u00a0 <\/span><span style=\"color: #339966;\"><span style=\"color: #ff0000;\">Red<\/span><span style=\"color: #ff9900;\">T<\/span>i<span style=\"color: #ff9900;\">g<\/span>e<span style=\"color: #ff00ff;\">r<\/span>s<\/span><\/strong><\/em><\/span><\/h4>\n<\/td>\n<td style=\"width: 36.3226%; border-style: solid; border-color: #000000;\"><span style=\"color: #000000;\">Taekwondo f. Kids\u00a0 7-9 J.<\/span><\/p>\n<p><strong><span style=\"color: #ff6600;\">Gruppe ist zur Zeit voll <span style=\"color: #339966;\">(*)<\/span>.<\/span><\/strong><\/td>\n<td style=\"width: 16.7983%; border-style: solid; border-color: #000000;\"><span style=\"color: #000000;\">Do. 17:15-18:15 <\/span><\/p>\n<p><span style=\"color: #000000;\"><span style=\"color: #999999;\">Ab September: Do. 17:00-18:00<\/span>\u00a0 \u00a0<\/span><\/td>\n<td style=\"width: 40.4305%; border-style: solid; border-color: #000000;\"><span style=\"color: #808080;\">R.Schwemmer<\/span><\/td>\n<\/tr>\n<tr style=\"border-style: solid; border-color: #000000;\">\n<td style=\"width: 25.9022%; border-style: solid; border-color: #000000; background-color: #d3d3d3;\">\n<h4><span style=\"color: #993366; font-size: 14pt; font-family: impact, sans-serif;\"><strong>\u00a0 Firebirds<\/strong><\/span><\/h4>\n<\/td>\n<td style=\"width: 36.3226%; border-style: solid; border-color: #000000; background-color: #d3d3d3;\"><span style=\"color: #000000;\">Taekwondo f\u00fcr Kids 9-13 J.<\/span><\/td>\n<td style=\"width: 16.7983%; border-style: solid; border-color: #000000; background-color: #d3d3d3;\">Mo. 17:45-19:15 Mi.18:30-20:00<\/p>\n<p><span style=\"color: #999999;\">Ab September:<\/span><\/p>\n<p><span style=\"color: #000000;\"><span style=\"color: #999999;\">Mo. u. Mi. 17:15-18:30<\/span>\u00a0\u00a0<\/span><\/td>\n<td style=\"width: 40.4305%; border-style: solid; border-color: #000000; background-color: #d3d3d3;\"><span style=\"color: #808080;\">B.Gleich <\/span><\/p>\n<p>&nbsp;<\/td>\n<\/tr>\n<tr>\n<td style=\"width: 25.9022%; border-style: solid; border-color: #000000; background-color: #f5f0f0;\">\n<h4><span style=\"color: #cc99ff;\"><em><strong>\u00a0<span style=\"color: #993366;\">Thunderbirds<\/span><\/strong><\/em><\/span><\/h4>\n<\/td>\n<td style=\"width: 36.3226%; border-style: solid; border-color: #000000; background-color: #f5f0f0;\"><span style=\"color: #000000;\">Taekwondo f\u00fcr Kids 13-15 J.\u00a0<\/span><\/td>\n<td style=\"width: 16.7983%; border-style: solid; border-color: #000000; background-color: #f5f0f0;\"><span style=\"color: #999999;\">Ab September:<\/span><\/p>\n<p><span style=\"color: #999999;\">Mo. u. Mi. 18:30-19:45\u00a0\u00a0<\/span><\/td>\n<td style=\"width: 40.4305%; border-style: solid; border-color: #000000; background-color: #f5f0f0;\"><span style=\"color: #808080;\">\u00a0R.Schwemmer<\/span><\/td>\n<\/tr>\n<tr style=\"border-style: solid; border-color: #000000; background-color: #d3d3d3;\">\n<td style=\"width: 25.9022%; border-style: solid; border-color: #000000;\">\n<h4><span style=\"color: #cc99ff; font-size: 18pt;\"><em><strong>\u00a0 <span style=\"font-size: 14pt; color: #ff9900;\">China-Dragons<\/span><\/strong><\/em><\/span><\/h4>\n<\/td>\n<td style=\"width: 36.3226%; border-style: solid; border-color: #000000;\"><span style=\"color: #000000;\">KungFu-Training <\/span><\/p>\n<p><span style=\"color: #000000;\">Chinesische Kampfkunst im Buk-Sing-Choi-Li-Fut Stil<\/span><\/p>\n<p><span style=\"color: #000000;\">\u00a0ab 13 J.<\/span><\/td>\n<td style=\"width: 16.7983%; border-style: solid; border-color: #000000;\"><span style=\"color: #000000;\">Do. 18:00-19:30\u00a0 <\/span><\/td>\n<td style=\"width: 40.4305%; border-style: solid; border-color: #000000;\"><span style=\"color: #808080;\">J.Schaitberger<\/span><\/td>\n<\/tr>\n<\/tbody>\n<\/table>\n<h4><\/h4>\n<div>\n<h4 style=\"text-align: center;\"><\/h4>\n<div><span style=\"font-size: 8pt;\">Aktueller Stand: 12.4.2026\/R.Schwemmer<\/span><\/div>\n<\/div>\n<div><\/div>\n<div><\/div>\n<div>\n<div><\/div>\n<div><\/div>\n<p style=\"text-align: left;\">Wir sind assoziiert zur <strong>Independent Taekwondo Organisation<\/strong>: <a href=\"https:\/\/ito-martialarts.jimdofree.com\/\"><img loading=\"lazy\" decoding=\"async\" class=\"wp-image-103 size-full alignleft\" src=\"https:\/\/www.taekwondo-sulzemoos.de\/website\/wp-content\/uploads\/2023\/01\/ITO_LOGO_2016_10-e1674321581286.jpg\" alt=\"\" width=\"150\" height=\"162\" \/><\/a><\/p>\n<\/div>\n<div><\/div>\n<div><\/div>\n<div><\/div>\n<div><\/div>\n","protected":false},"excerpt":{"rendered":"<p>Willkommen bei Taekwondo-Sulzemoos der Kampfsport-Abteilung des SV-Sulzemoos 1947 e.V. Hast du Fragen bzgl. Training, Probetraining, Mitgliedschaft oder Terminen, oder du willst direkt mitmachen? Schreibe eine Mail an\u00a0 VORSTAND (at) TAEKWONDO-SULZEMOOS.DE Unser Einzugsgebiet ist der Raum Sulzemoos \/ Odelzhausen ! Trainingsangebot Wir bieten Trainings f\u00fcr Kinder ab 7 Jahren an, sowie auch Training f\u00fcr Jugend und [&hellip;]<\/p>\n","protected":false},"author":1,"featured_media":875,"parent":0,"menu_order":0,"comment_status":"closed","ping_status":"closed","template":"","meta":{"footnotes":""},"class_list":["post-2","page","type-page","status-publish","has-post-thumbnail","hentry"],"_links":{"self":[{"href":"https:\/\/www.taekwondo-sulzemoos.de\/website\/index.php\/wp-json\/wp\/v2\/pages\/2","targetHints":{"allow":["GET"]}}],"collection":[{"href":"https:\/\/www.taekwondo-sulzemoos.de\/website\/index.php\/wp-json\/wp\/v2\/pages"}],"about":[{"href":"https:\/\/www.taekwondo-sulzemoos.de\/website\/index.php\/wp-json\/wp\/v2\/types\/page"}],"author":[{"embeddable":true,"href":"https:\/\/www.taekwondo-sulzemoos.de\/website\/index.php\/wp-json\/wp\/v2\/users\/1"}],"replies":[{"embeddable":true,"href":"https:\/\/www.taekwondo-sulzemoos.de\/website\/index.php\/wp-json\/wp\/v2\/comments?post=2"}],"version-history":[{"count":534,"href":"https:\/\/www.taekwondo-sulzemoos.de\/website\/index.php\/wp-json\/wp\/v2\/pages\/2\/revisions"}],"predecessor-version":[{"id":1086,"href":"https:\/\/www.taekwondo-sulzemoos.de\/website\/index.php\/wp-json\/wp\/v2\/pages\/2\/revisions\/1086"}],"wp:featuredmedia":[{"embeddable":true,"href":"https:\/\/www.taekwondo-sulzemoos.de\/website\/index.php\/wp-json\/wp\/v2\/media\/875"}],"wp:attachment":[{"href":"https:\/\/www.taekwondo-sulzemoos.de\/website\/index.php\/wp-json\/wp\/v2\/media?parent=2"}],"curies":[{"name":"wp","href":"https:\/\/api.w.org\/{rel}","templated":true}]}}